{"id":24,"date":"2020-08-16T10:53:23","date_gmt":"2020-08-16T08:53:23","guid":{"rendered":"http:\/\/petra-behrens.de\/?page_id=24"},"modified":"2022-01-27T21:24:32","modified_gmt":"2022-01-27T20:24:32","slug":"ueber-mich","status":"publish","type":"page","link":"https:\/\/petra-behrens.de\/?page_id=24","title":{"rendered":"\u00dcber mich"},"content":{"rendered":"\n<div class=\"wp-block-image\"><figure class=\"alignleft size-large is-resized\"><img loading=\"lazy\" decoding=\"async\" src=\"http:\/\/petra-behrens.de\/wp-content\/uploads\/2022\/01\/IMG_9126-2-768x1024.jpg\" alt=\"\" class=\"wp-image-63\" width=\"192\" height=\"256\" srcset=\"https:\/\/petra-behrens.de\/wp-content\/uploads\/2022\/01\/IMG_9126-2-768x1024.jpg 768w, https:\/\/petra-behrens.de\/wp-content\/uploads\/2022\/01\/IMG_9126-2-225x300.jpg 225w, https:\/\/petra-behrens.de\/wp-content\/uploads\/2022\/01\/IMG_9126-2.jpg 930w\" sizes=\"(max-width: 192px) 100vw, 192px\" \/><\/figure><\/div>\n\n\n\n<p><strong>Petra Behrens<\/strong><\/p>\n\n\n\n<p>Diplom-Psychologin ( Universit\u00e4t Hamburg )<\/p>\n\n\n\n<p>verheiratet, ein Sohn<\/p>\n\n\n\n<p>Approbation als Psychologische Psychotherapeutin&nbsp;<\/p>\n\n\n\n<p>Kassenzulassung f\u00fcr tiefenpsychologisch fundierte Psychotherapie<\/p>\n\n\n\n<p>Supervisorin ( SG ); Anerkennung durch die Psychotherapeutenkammer Hamburg<\/p>\n\n\n\n<p>Beratung und Psychotherapie <\/p>\n\n\n\n<p>Niederlassung in eigener Praxis seit 1999<\/p>\n\n\n\n<p>langj\u00e4hrige Mitarbeit in psychosozialer Einrichtung und ein Jahr in einer Psychiatrischen Klinik&nbsp;<\/p>\n\n\n\n<p>mehrj\u00e4hrige freiberufliche T\u00e4tigkeit f\u00fcr eine systemische Organisationsberatung<br>&nbsp;<\/p>\n\n\n\n<p><strong>T\u00e4tigkeitsfelder:<\/strong><br>&#8211; Beratung, Krisenintervention und Psychotherapie<\/p>\n\n\n\n<p>&#8211; Gruppen<\/p>\n\n\n\n<p>&#8211; Selbsthilfegruppenkoordination<\/p>\n\n\n\n<p>&#8211; Leitung im Team<\/p>\n\n\n\n<p>&#8211; konzeptionelle Arbeit<\/p>\n\n\n\n<p>&#8211; Teilnahme an Qualit\u00e4tszirkeln und Arbeitskreisen<\/p>\n\n\n\n<p>&#8211; \u00d6ffentlichkeitsarbeit<\/p>\n\n\n\n<p>&#8211; Kooperation mit Beh\u00f6rden und anderen Institutionen&nbsp;<\/p>\n\n\n\n<p>&#8211; Vernetzung und Multiplikatorenarbeit<\/p>\n\n\n\n<p>&#8211; Coaching<\/p>\n\n\n\n<p>&#8211; Teamentwicklung<\/p>\n\n\n\n<p><strong>Aus-, Fort- und Weiterbildungen<\/strong>&nbsp;in<\/p>\n\n\n\n<p>tiefenpsychologischen und analytischen Verfahren<\/p>\n\n\n\n<p>systemischer Beratung und Supervision<\/p>\n\n\n\n<p>EMDR \/ BSP&nbsp;<\/p>\n\n\n\n<p>Gestalttherapie<\/p>\n\n\n\n<p>Gespr\u00e4chspsychotherapie<\/p>\n\n\n\n<p>verhaltenstherapeutischen Methoden<\/p>\n\n\n\n<p>Entspannungs- und Imaginationsverfahren<\/p>\n\n\n\n<p>regelm\u00e4\u00dfige Teilnahme an Supervision und Intervision<\/p>\n\n\n\n<p><strong>Mitgliedschaften:<\/strong><\/p>\n\n\n\n<p>Psychotherapeutenkammer Hamburg<\/p>\n\n\n\n<p>DPTV<\/p>\n\n\n\n<p>Institut f\u00fcr Systemische Studien ( ISS )<\/p>\n\n\n\n<p>Systemische Gesellschaft ( SG )<\/p>\n\n\n\n<p>GPTG &nbsp;<\/p>\n\n\n\n<p>EMDRIA&nbsp;<\/p>\n\n\n\n<p>DeGPT<\/p>\n","protected":false},"excerpt":{"rendered":"<p>Petra Behrens Diplom-Psychologin ( Universit\u00e4t Hamburg ) verheiratet, ein Sohn Approbation als Psychologische Psychotherapeutin&nbsp; Kassenzulassung f\u00fcr tiefenpsychologisch fundierte Psychotherapie Supervisorin ( SG ); Anerkennung durch die Psychotherapeutenkammer Hamburg Beratung und Psychotherapie Niederlassung in eigener Praxis seit 1999 langj\u00e4hrige Mitarbeit in psychosozialer Einrichtung und ein Jahr in einer Psychiatrischen Klinik&nbsp; mehrj\u00e4hrige freiberufliche T\u00e4tigkeit f\u00fcr eine systemische [&hellip;]<\/p>\n","protected":false},"author":1,"featured_media":0,"parent":0,"menu_order":0,"comment_status":"closed","ping_status":"closed","template":"","meta":{"footnotes":""},"_links":{"self":[{"href":"https:\/\/petra-behrens.de\/index.php?rest_route=\/wp\/v2\/pages\/24"}],"collection":[{"href":"https:\/\/petra-behrens.de\/index.php?rest_route=\/wp\/v2\/pages"}],"about":[{"href":"https:\/\/petra-behrens.de\/index.php?rest_route=\/wp\/v2\/types\/page"}],"author":[{"embeddable":true,"href":"https:\/\/petra-behrens.de\/index.php?rest_route=\/wp\/v2\/users\/1"}],"replies":[{"embeddable":true,"href":"https:\/\/petra-behrens.de\/index.php?rest_route=%2Fwp%2Fv2%2Fcomments&post=24"}],"version-history":[{"count":5,"href":"https:\/\/petra-behrens.de\/index.php?rest_route=\/wp\/v2\/pages\/24\/revisions"}],"predecessor-version":[{"id":65,"href":"https:\/\/petra-behrens.de\/index.php?rest_route=\/wp\/v2\/pages\/24\/revisions\/65"}],"wp:attachment":[{"href":"https:\/\/petra-behrens.de\/index.php?rest_route=%2Fwp%2Fv2%2Fmedia&parent=24"}],"curies":[{"name":"wp","href":"https:\/\/api.w.org\/{rel}","templated":true}]}}